{"id":3842,"date":"2025-04-15T11:00:02","date_gmt":"2025-04-15T09:00:02","guid":{"rendered":"https:\/\/www.setecna.it\/?page_id=3842"},"modified":"2025-04-16T08:53:20","modified_gmt":"2025-04-16T06:53:20","slug":"regulaciones-avanzados-dot","status":"publish","type":"page","link":"https:\/\/www.setecna.it\/es\/regulaciones-avanzados-dot\/","title":{"rendered":"REGULACIONES AVANZADOS DOT"},"content":{"rendered":"\n<h3>DOT es una plataforma completa, basada en un microprocesador ARM Cortex M4 y una pantalla TFT a color de 4,3\u2019\u2019, dise\u00f1ada para el control y supervisi\u00f3n de sistemas HVAC.<\/h3>\n\n\n\n<div class=\"wp-block-image\"><figure class=\"aligncenter size-large is-resized\"><img loading=\"lazy\" src=\"https:\/\/services.setecna.it\/wp-content\/uploads\/2021\/07\/REG-DOT-B-1-1024x1000.png\" alt=\"\" class=\"wp-image-955\" width=\"346\" height=\"338\" srcset=\"https:\/\/www.setecna.it\/wp-content\/uploads\/2021\/07\/REG-DOT-B-1-1024x1000.png 1024w, https:\/\/www.setecna.it\/wp-content\/uploads\/2021\/07\/REG-DOT-B-1-300x293.png 300w, https:\/\/www.setecna.it\/wp-content\/uploads\/2021\/07\/REG-DOT-B-1-600x586.png 600w, https:\/\/www.setecna.it\/wp-content\/uploads\/2021\/07\/REG-DOT-B-1-768x750.png 768w, https:\/\/www.setecna.it\/wp-content\/uploads\/2021\/07\/REG-DOT-B-1-164x160.png 164w, https:\/\/www.setecna.it\/wp-content\/uploads\/2021\/07\/REG-DOT-B-1.png 1106w\" sizes=\"(max-width: 346px) 100vw, 346px\" \/><\/figure><\/div>\n\n\n\n<h3>En su versi\u00f3n m\u00e1s completa, el DOT integra:<\/h3>\n\n\n\n<ul><li><strong>Un sensor de temperatura y humedad;<\/strong><\/li><li><strong>Un sensor de calidad del aire;<\/strong><\/li><li><strong>Un contacto de entrada anal\u00f3gico o digital;<\/strong><\/li><li><strong>Un bus OpenTherm para la gesti\u00f3n de calderas que suportan este protocolo;<\/strong><\/li><li><strong>Un bus modbus para la gesti\u00f3n de bombas de calor para la climatizaci\u00f3n de verano e invierno y para producci\u00f3n de agua caliente sanitaria, unidades de ventilaci\u00f3n, integraci\u00f3n y\/o deshumidificaci\u00f3n y contadores de energ\u00eda con firmware dedicado;<\/strong><\/li><li><strong>Un bus REG para la gesti\u00f3n de los m\u00f3dulos Entrada\/Salida del Sistema REG (REG-IOA, REG-IOB, REG-IOC, REG-EXP-8), de sensores de temperatura\/humedad por bus (REG-TH e REG-THL), y de sensores de calidad del aire por bus (REG-AQ);<\/strong><\/li><li><strong>Un m\u00f3dulo Wifi para la conexi\u00f3n al portal <a href=\"http:\/\/www.s5a.eu\">www.s5a.eu<\/a>;<\/strong><\/li><li><strong>Un puerto mini USB tipo 2.0 para la conexi\u00f3n a PC.<\/strong><\/li><\/ul>\n\n\n\n<h4 class=\"has-black-color has-text-color\">El DOT puede suministrarse con diferentes configuraciones hardware y con un firmware completamente personalizable, que permite la supervisi\u00f3n total de un sistema HVAC y su telegesti\u00f3n v\u00eda web y app m\u00f3vil.<\/h4>\n\n\n\n<p class=\"has-black-color has-text-color\">El DOT se presienta como una elegante pantalla con resoluci\u00f3n 480&#215;272 pixeles en una carcasa de pl\u00e1stico r\u00edgido blanco, dise\u00f1ada para su instalaci\u00f3n mural, tanto en entornos residenciales como termostato, o en centrales t\u00e9cnicas como panel de control.<\/p>\n\n\n\n<p class=\"has-black-color has-text-color\">El usuario puede interactuar con el DOT a trav\u00e9s del tacto en la pantalla o mediante la telegesti\u00f3n v\u00eda web o aplicaci\u00f3n m\u00f3vil cuando el Wifi est\u00e1 configurado para conectarse a Internet. El firmware puede actualizarse por red o mediante USB a trav\u00e9s del puerto USB.<\/p>\n\n\n\n<p class=\"has-black-color has-text-color\"><strong>La interfaz gr\u00e1fica del DOT es f\u00e1cil de usar: <\/strong>las funciones principales se muestran de manera intuitiva para el usuario final, mientras que las configuraciones adicionales est\u00e1n disponibles en men\u00fas avanzados para el instalador y el servicio t\u00e9cnico.<\/p>\n\n\n\n<p class=\"has-black-color has-text-color\">Finalmente, es posible asociar a cada dispositivo un c\u00f3digo QR a trav\u00e9s del cual se puede acceder al manual u otra documentaci\u00f3n t\u00e9cnica.<\/p>\n\n\n\n<h3 class=\"has-black-color has-text-color\">DOT para la GESTI\u00d3N DE UNA BOMBA DE CALOR V\u00cdA MODBUS RTU<\/h3>\n\n\n\n<div class=\"wp-block-media-text alignwide is-stacked-on-mobile\" style=\"grid-template-columns:34% auto\"><figure class=\"wp-block-media-text__media\"><img loading=\"lazy\" width=\"464\" height=\"146\" src=\"https:\/\/services.setecna.it\/wp-content\/uploads\/2022\/01\/Risorsa-1.png\" alt=\"\" class=\"wp-image-2045 size-full\" srcset=\"https:\/\/www.setecna.it\/wp-content\/uploads\/2022\/01\/Risorsa-1.png 464w, https:\/\/www.setecna.it\/wp-content\/uploads\/2022\/01\/Risorsa-1-300x94.png 300w, https:\/\/www.setecna.it\/wp-content\/uploads\/2022\/01\/Risorsa-1-450x142.png 450w\" sizes=\"(max-width: 464px) 100vw, 464px\" \/><\/figure><div class=\"wp-block-media-text__content\">\n<h4 class=\"has-black-color has-text-color\">El DOT desarrollado para la gesti\u00f3n de una bomba de calor permite controlar el generador de forma completa mediante el protocolo Modbus RTU; adem\u00e1s, puede instalarse en la vivienda y, gracias al sensor de Temperatura y humedad integrado, adaptar la temperatura solicitada a la bomba de calor, teniendo en cuenta tambi\u00e9n la temperatura exterior. La pantalla incluye un m\u00f3dem Wi-Fi.<\/h4>\n<\/div><\/div>\n\n\n\n<div style=\"height:32px\" aria-hidden=\"true\" class=\"wp-block-spacer\"><\/div>\n\n\n\n<p class=\"has-black-color has-text-color\">A continuaci\u00f3n, se muestran algunas pantallas de la P\u00e1gina inicial del DOT para bombas de calor, donde es posible:<\/p>\n\n\n\n<ul class=\"has-black-color has-text-color\"><li>Visualizar la estaci\u00f3n;<\/li><li>Visualizar la temperatura exterior y la del agua caliente sanitaria (si est\u00e1 presiente);<\/li><li>Configurar el modo de funcionamiento de la zona gestionada por el sensor de temperatura y humedad ambiente (Comfort, Economy, OFF);<\/li><li>Acceder a el programa semanal;<\/li><li>Acceder al men\u00fa de configuraci\u00f3n e informaci\u00f3n relativa a la bomba de calor;<\/li><li>Visualizar las alarmes (si est\u00e1n presientes).<\/li><\/ul>\n\n\n\n<div class=\"wp-block-columns are-vertically-aligned-bottom\">\n<div class=\"wp-block-column is-vertically-aligned-bottom\" style=\"flex-basis:100%\">\n<div class=\"wp-container-1 wp-block-group\"><div class=\"wp-block-group__inner-container\">\n<figure class=\"wp-block-gallery has-nested-images columns-default is-cropped\">\n<figure class=\"wp-block-image size-large\"><img loading=\"lazy\" width=\"480\" height=\"272\" src=\"https:\/\/services.setecna.it\/wp-content\/uploads\/2022\/01\/HOME_ALLARMI.png\" alt=\"\" class=\"wp-image-2059\" srcset=\"https:\/\/www.setecna.it\/wp-content\/uploads\/2022\/01\/HOME_ALLARMI.png 480w, https:\/\/www.setecna.it\/wp-content\/uploads\/2022\/01\/HOME_ALLARMI-300x170.png 300w, https:\/\/www.setecna.it\/wp-content\/uploads\/2022\/01\/HOME_ALLARMI-450x255.png 450w\" sizes=\"(max-width: 480px) 100vw, 480px\" \/><\/figure>\n\n\n\n<figure class=\"wp-block-image size-large\"><img loading=\"lazy\" width=\"480\" height=\"272\" src=\"https:\/\/services.setecna.it\/wp-content\/uploads\/2022\/01\/HOME_FORZATO.png\" alt=\"\" class=\"wp-image-2061\" srcset=\"https:\/\/www.setecna.it\/wp-content\/uploads\/2022\/01\/HOME_FORZATO.png 480w, https:\/\/www.setecna.it\/wp-content\/uploads\/2022\/01\/HOME_FORZATO-300x170.png 300w, https:\/\/www.setecna.it\/wp-content\/uploads\/2022\/01\/HOME_FORZATO-450x255.png 450w\" sizes=\"(max-width: 480px) 100vw, 480px\" \/><\/figure>\n\n\n\n<figure class=\"wp-block-image size-large\"><img loading=\"lazy\" width=\"480\" height=\"272\" src=\"https:\/\/services.setecna.it\/wp-content\/uploads\/2022\/01\/informazioni.png\" alt=\"\" class=\"wp-image-2063\" srcset=\"https:\/\/www.setecna.it\/wp-content\/uploads\/2022\/01\/informazioni.png 480w, https:\/\/www.setecna.it\/wp-content\/uploads\/2022\/01\/informazioni-300x170.png 300w, https:\/\/www.setecna.it\/wp-content\/uploads\/2022\/01\/informazioni-450x255.png 450w\" sizes=\"(max-width: 480px) 100vw, 480px\" \/><\/figure>\n<\/figure>\n<\/div><\/div>\n<\/div>\n<\/div>\n\n\n\n<div style=\"height:35px\" aria-hidden=\"true\" class=\"wp-block-spacer\"><\/div>\n\n\n\n<h3 class=\"has-black-color has-text-color\">DOT para la GESTI\u00d3N DE UNA CALDERA V\u00cdA OPENTHERM<\/h3>\n\n\n\n<div class=\"wp-block-media-text alignwide has-media-on-the-right is-stacked-on-mobile\" style=\"grid-template-columns:auto 37%\"><figure class=\"wp-block-media-text__media\"><img loading=\"lazy\" width=\"1024\" height=\"318\" src=\"https:\/\/services.setecna.it\/wp-content\/uploads\/2022\/01\/Risorsa-2@3x-1024x318-1.png\" alt=\"\" class=\"wp-image-2047 size-full\" srcset=\"https:\/\/www.setecna.it\/wp-content\/uploads\/2022\/01\/Risorsa-2@3x-1024x318-1.png 1024w, https:\/\/www.setecna.it\/wp-content\/uploads\/2022\/01\/Risorsa-2@3x-1024x318-1-300x93.png 300w, https:\/\/www.setecna.it\/wp-content\/uploads\/2022\/01\/Risorsa-2@3x-1024x318-1-600x186.png 600w, https:\/\/www.setecna.it\/wp-content\/uploads\/2022\/01\/Risorsa-2@3x-1024x318-1-640x199.png 640w, https:\/\/www.setecna.it\/wp-content\/uploads\/2022\/01\/Risorsa-2@3x-1024x318-1-768x239.png 768w\" sizes=\"(max-width: 1024px) 100vw, 1024px\" \/><\/figure><div class=\"wp-block-media-text__content\">\n<h4 class=\"has-black-color has-text-color\">El DOT desarrollado para la gesti\u00f3n de una caldera permite controlar el generador de forma completa mediante el protocolo OpenTherm. Adem\u00e1s, puede instalarse en la vivienda y gracias al sensor de temperatura y humedad integrado, adaptar la temperatura solicitada a la caldera, teniendo en cuenta tambi\u00e9n la temperatura exterior. La pantalla incluye un m\u00f3dem Wi-Fi.<\/h4>\n<\/div><\/div>\n\n\n\n<p class=\"has-black-color has-text-color\">A continuaci\u00f3n, se muestran algunas pantallas de la P\u00e1gina inicial del DOT para caldera, donde es posible:<\/p>\n\n\n\n<ul class=\"has-black-color has-text-color\"><li>Visualizar la estaci\u00f3n del a\u00f1o;<\/li><li>Visualizar la temperatura exterior y la del agua caliente sanitaria (si est\u00e1 presiente);<\/li><li>Configurar el modo de funcionamiento de la zona gestionada por el sensor de temperatura y humedad ambiente (Comfort, Economy, OFF);<\/li><li>Acceder a el programa semanal;<\/li><li>Acceder al men\u00fa de configuraci\u00f3n e informaci\u00f3n relativa a la caldera;<\/li><li>Visualizar las alarmes (si est\u00e1n presientes).<\/li><\/ul>\n\n\n\n<figure class=\"wp-block-gallery has-nested-images columns-default is-cropped\">\n<figure class=\"wp-block-image size-large\"><img loading=\"lazy\" width=\"480\" height=\"272\" data-id=\"2070\"  src=\"https:\/\/services.setecna.it\/wp-content\/uploads\/2022\/01\/HOME_FORZATO-1.png\" alt=\"\" class=\"wp-image-2070\" srcset=\"https:\/\/www.setecna.it\/wp-content\/uploads\/2022\/01\/HOME_FORZATO-1.png 480w, https:\/\/www.setecna.it\/wp-content\/uploads\/2022\/01\/HOME_FORZATO-1-300x170.png 300w, https:\/\/www.setecna.it\/wp-content\/uploads\/2022\/01\/HOME_FORZATO-1-450x255.png 450w\" sizes=\"(max-width: 480px) 100vw, 480px\" \/><\/figure>\n\n\n\n<figure class=\"wp-block-image size-large\"><img loading=\"lazy\" width=\"480\" height=\"272\" data-id=\"2068\"  src=\"https:\/\/services.setecna.it\/wp-content\/uploads\/2022\/01\/2.76_impostazioniutente.png\" alt=\"\" class=\"wp-image-2068\" srcset=\"https:\/\/www.setecna.it\/wp-content\/uploads\/2022\/01\/2.76_impostazioniutente.png 480w, https:\/\/www.setecna.it\/wp-content\/uploads\/2022\/01\/2.76_impostazioniutente-300x170.png 300w, https:\/\/www.setecna.it\/wp-content\/uploads\/2022\/01\/2.76_impostazioniutente-450x255.png 450w\" sizes=\"(max-width: 480px) 100vw, 480px\" \/><\/figure>\n\n\n\n<figure class=\"wp-block-image size-large\"><img loading=\"lazy\" width=\"480\" height=\"272\" data-id=\"2072\"  src=\"https:\/\/services.setecna.it\/wp-content\/uploads\/2022\/01\/INFO-IMPIANTO.png\" alt=\"\" class=\"wp-image-2072\" srcset=\"https:\/\/www.setecna.it\/wp-content\/uploads\/2022\/01\/INFO-IMPIANTO.png 480w, https:\/\/www.setecna.it\/wp-content\/uploads\/2022\/01\/INFO-IMPIANTO-300x170.png 300w, https:\/\/www.setecna.it\/wp-content\/uploads\/2022\/01\/INFO-IMPIANTO-450x255.png 450w\" sizes=\"(max-width: 480px) 100vw, 480px\" \/><\/figure>\n<\/figure>\n\n\n\n<div style=\"height:35px\" aria-hidden=\"true\" class=\"wp-block-spacer\"><\/div>\n\n\n\n<h3 class=\"has-black-color has-text-color\">DOT como PANTALLA DEL SISTEMA REG<\/h3>\n\n\n\n<div class=\"wp-block-media-text alignwide is-stacked-on-mobile\" style=\"grid-template-columns:38% auto\"><figure class=\"wp-block-media-text__media\"><img loading=\"lazy\" width=\"464\" height=\"144\" src=\"https:\/\/services.setecna.it\/wp-content\/uploads\/2022\/01\/Risorsa-3.png\" alt=\"\" class=\"wp-image-2049 size-full\" srcset=\"https:\/\/www.setecna.it\/wp-content\/uploads\/2022\/01\/Risorsa-3.png 464w, https:\/\/www.setecna.it\/wp-content\/uploads\/2022\/01\/Risorsa-3-300x93.png 300w, https:\/\/www.setecna.it\/wp-content\/uploads\/2022\/01\/Risorsa-3-450x140.png 450w\" sizes=\"(max-width: 464px) 100vw, 464px\" \/><\/figure><div class=\"wp-block-media-text__content\">\n<h4 class=\"has-black-color has-text-color\">El DOT desarrollado como interfaz de usuario del sistema REG permite gestionar de forma f\u00e1cil e intuitiva la instalaci\u00f3n. El REG-DOT-B incorpora un sensor de temperatura y humedad y cuente con un m\u00f3dem Wi-Fi integrado.<\/h4>\n<\/div><\/div>\n\n\n\n<div style=\"height:57px\" aria-hidden=\"true\" class=\"wp-block-spacer\"><\/div>\n\n\n\n<p class=\"has-black-color has-text-color\">El REG-DOT-B es la pantalla del Sistema REG y no requiere ninguna programaci\u00f3n espec\u00edfica, ya que adquiere autom\u00e1ticamente la configuraci\u00f3n realizada en el regulador REG-DIN-8, por lo tanto, en la pantalla se visualizar\u00e1n \u00fanicamente las funciones programadas.<\/p>\n\n\n\n<figure class=\"wp-block-gallery has-nested-images columns-default is-cropped\">\n<figure class=\"wp-block-image size-large\"><img loading=\"lazy\" width=\"480\" height=\"272\" data-id=\"2076\"  src=\"https:\/\/services.setecna.it\/wp-content\/uploads\/2022\/01\/1.4_home.png\" alt=\"\" class=\"wp-image-2076\" srcset=\"https:\/\/www.setecna.it\/wp-content\/uploads\/2022\/01\/1.4_home.png 480w, https:\/\/www.setecna.it\/wp-content\/uploads\/2022\/01\/1.4_home-300x170.png 300w, https:\/\/www.setecna.it\/wp-content\/uploads\/2022\/01\/1.4_home-450x255.png 450w\" sizes=\"(max-width: 480px) 100vw, 480px\" \/><\/figure>\n\n\n\n<figure class=\"wp-block-image size-large\"><img loading=\"lazy\" width=\"480\" height=\"272\" data-id=\"2078\"  src=\"https:\/\/services.setecna.it\/wp-content\/uploads\/2022\/01\/1.4_home_estate.png\" alt=\"\" class=\"wp-image-2078\" srcset=\"https:\/\/www.setecna.it\/wp-content\/uploads\/2022\/01\/1.4_home_estate.png 480w, https:\/\/www.setecna.it\/wp-content\/uploads\/2022\/01\/1.4_home_estate-300x170.png 300w, https:\/\/www.setecna.it\/wp-content\/uploads\/2022\/01\/1.4_home_estate-450x255.png 450w\" sizes=\"(max-width: 480px) 100vw, 480px\" \/><\/figure>\n\n\n\n<figure class=\"wp-block-image size-large\"><img loading=\"lazy\" width=\"480\" height=\"272\" data-id=\"2080\"  src=\"https:\/\/services.setecna.it\/wp-content\/uploads\/2022\/01\/home-impianto-spento.png\" alt=\"\" class=\"wp-image-2080\" srcset=\"https:\/\/www.setecna.it\/wp-content\/uploads\/2022\/01\/home-impianto-spento.png 480w, https:\/\/www.setecna.it\/wp-content\/uploads\/2022\/01\/home-impianto-spento-300x170.png 300w, https:\/\/www.setecna.it\/wp-content\/uploads\/2022\/01\/home-impianto-spento-450x255.png 450w\" sizes=\"(max-width: 480px) 100vw, 480px\" \/><\/figure>\n<\/figure>\n\n\n\n<div style=\"height:35px\" aria-hidden=\"true\" class=\"wp-block-spacer\"><\/div>\n\n\n\n<h3 class=\"has-black-color has-text-color\">DOT para la GESTI\u00d3N DE UNA UNIDAD DE VENTILACI\u00d3N\/DESHUMIDIFICACI\u00d3N E INTEGRACI\u00d3N<\/h3>\n\n\n\n<div class=\"wp-block-media-text alignwide has-media-on-the-right is-stacked-on-mobile\" style=\"grid-template-columns:auto 48%\"><figure class=\"wp-block-media-text__media\"><img loading=\"lazy\" width=\"623\" height=\"144\" src=\"https:\/\/services.setecna.it\/wp-content\/uploads\/2022\/01\/Risorsa-4.png\" alt=\"\" class=\"wp-image-2051 size-full\" srcset=\"https:\/\/www.setecna.it\/wp-content\/uploads\/2022\/01\/Risorsa-4.png 623w, https:\/\/www.setecna.it\/wp-content\/uploads\/2022\/01\/Risorsa-4-300x69.png 300w, https:\/\/www.setecna.it\/wp-content\/uploads\/2022\/01\/Risorsa-4-600x139.png 600w\" sizes=\"(max-width: 623px) 100vw, 623px\" \/><\/figure><div class=\"wp-block-media-text__content\">\n<h4 class=\"has-black-color has-text-color\">El DOT desarrollado para la gesti\u00f3n de una unidad de ventilaci\u00f3n, integraci\u00f3n y\/o deshumidificaci\u00f3n permite controlar completamente la unidad mediante protocolo modbus RTU y firmware dedicado. El sensor de temperatura, humedad y de calidad del aire permite garantizar un \u00f3ptimo confort interior, incluso en viviendas altamente aisladas. La pantalla incluye un m\u00f3dem Wi-Fi.<\/h4>\n<\/div><\/div>\n\n\n\n<p class=\"has-black-color has-text-color\">A continuaci\u00f3n, se muestran algunas pantallas de la P\u00e1gina inicial del DOT para unidades de ventilaci\u00f3n, integraci\u00f3n y deshumidificaci\u00f3n, donde es posible:<\/p>\n\n\n\n<ul><li>Visualizar la estaci\u00f3n y la temperatura exterior;<\/li><li>Visualizar si la integraci\u00f3n o la deshumidificaci\u00f3n est\u00e1n activas<\/li><li>Visualizar la temperatura del aire ambiente y humedad relativa;<\/li><li>Visualizar la ppm de CO2 y la ppb de COV (compuestos org\u00e1nicos vol\u00e1tiles);<\/li><li>La velocidad del ventilador y si est\u00e1 en modo autom\u00e1tico o manual.<\/li><\/ul>\n\n\n\n<p class=\"has-black-color has-text-color\">A trav\u00e9s del men\u00fa configuraci\u00f3n e informaci\u00f3n, se puede acceder a submen\u00fas dedicados tanto al usuario como al servicio t\u00e9cnico.<\/p>\n\n\n\n<figure class=\"wp-block-gallery has-nested-images columns-default is-cropped\">\n<figure class=\"wp-block-image size-large\"><img loading=\"lazy\" width=\"480\" height=\"272\" data-id=\"2082\"  src=\"https:\/\/services.setecna.it\/wp-content\/uploads\/2022\/01\/HOME-CON-VOC.png\" alt=\"\" class=\"wp-image-2082\" srcset=\"https:\/\/www.setecna.it\/wp-content\/uploads\/2022\/01\/HOME-CON-VOC.png 480w, https:\/\/www.setecna.it\/wp-content\/uploads\/2022\/01\/HOME-CON-VOC-300x170.png 300w, https:\/\/www.setecna.it\/wp-content\/uploads\/2022\/01\/HOME-CON-VOC-450x255.png 450w\" sizes=\"(max-width: 480px) 100vw, 480px\" \/><\/figure>\n\n\n\n<figure class=\"wp-block-image size-large\"><img loading=\"lazy\" width=\"480\" height=\"272\" data-id=\"2084\"  src=\"https:\/\/services.setecna.it\/wp-content\/uploads\/2022\/01\/manuale-massimo.png\" alt=\"\" class=\"wp-image-2084\" srcset=\"https:\/\/www.setecna.it\/wp-content\/uploads\/2022\/01\/manuale-massimo.png 480w, https:\/\/www.setecna.it\/wp-content\/uploads\/2022\/01\/manuale-massimo-300x170.png 300w, https:\/\/www.setecna.it\/wp-content\/uploads\/2022\/01\/manuale-massimo-450x255.png 450w\" sizes=\"(max-width: 480px) 100vw, 480px\" \/><\/figure>\n\n\n\n<figure class=\"wp-block-image size-large\"><img loading=\"lazy\" width=\"480\" height=\"272\" data-id=\"2087\"  src=\"https:\/\/services.setecna.it\/wp-content\/uploads\/2022\/01\/VALORIOPERATIVI.png\" alt=\"\" class=\"wp-image-2087\" srcset=\"https:\/\/www.setecna.it\/wp-content\/uploads\/2022\/01\/VALORIOPERATIVI.png 480w, https:\/\/www.setecna.it\/wp-content\/uploads\/2022\/01\/VALORIOPERATIVI-300x170.png 300w, https:\/\/www.setecna.it\/wp-content\/uploads\/2022\/01\/VALORIOPERATIVI-450x255.png 450w\" sizes=\"(max-width: 480px) 100vw, 480px\" \/><\/figure>\n<\/figure>\n\n\n\n<div style=\"height:35px\" aria-hidden=\"true\" class=\"wp-block-spacer\"><\/div>\n\n\n\n<h3>DOT COMPLETO<\/h3>\n\n\n\n<h4 class=\"has-black-color has-text-color\">El DOT completo es full opcional e incluye el protocolo OpenTherm, el protocolo Modbus RTU y el bus REG, un sensor de temperatura y humedad, un sensor de calidad del aire y un m\u00f3dem Wifi integrados. De hecho, se convierte en el regulador central de toda la instalaci\u00f3n, y puede aprovechar todas las funcionalidades del Sistema REG.<\/h4>\n\n\n\n<div class=\"wp-block-image\"><figure class=\"aligncenter size-full is-resized\"><img loading=\"lazy\" src=\"https:\/\/services.setecna.it\/wp-content\/uploads\/2022\/01\/Risorsa-5-768x120-1.png\" alt=\"\" class=\"wp-image-2053\" width=\"528\" height=\"82\" srcset=\"https:\/\/www.setecna.it\/wp-content\/uploads\/2022\/01\/Risorsa-5-768x120-1.png 768w, https:\/\/www.setecna.it\/wp-content\/uploads\/2022\/01\/Risorsa-5-768x120-1-300x47.png 300w, https:\/\/www.setecna.it\/wp-content\/uploads\/2022\/01\/Risorsa-5-768x120-1-600x94.png 600w, https:\/\/www.setecna.it\/wp-content\/uploads\/2022\/01\/Risorsa-5-768x120-1-640x100.png 640w\" sizes=\"(max-width: 528px) 100vw, 528px\" \/><\/figure><\/div>\n\n\n\n<p class=\"has-black-color has-text-color\">La l\u00ednea Modbus RTU puede conectarse a bombas de calor u otros generadores, unidades de ventilaci\u00f3n, deshumidificaci\u00f3n e integraci\u00f3n, mediante el desarrollo de un firmware dedicado.<\/p>\n\n\n\n<p class=\"has-black-color has-text-color\">La l\u00ednea bus REG permite la conexi\u00f3n de todos los m\u00f3dulos de entrada\/salida del sistema REG y de otros sensores como REG-TH, REG-THL o REG-AQ.<\/p>\n\n\n\n<p class=\"has-black-color has-text-color\">La l\u00ednea OpenTherm permite la gesti\u00f3n de un generador compatible con este protocolo.<\/p>\n\n\n\n<p class=\"has-black-color has-text-color\">Se presentan a continuaci\u00f3n algunas pantallas del DOT completo, que dispone de dos P\u00e1ginas iniciales:<\/p>\n\n\n\n<ul class=\"has-black-color has-text-color\"><li>una dedicada al usuario, desde la cual se pueden gestionar las zonas, los relojes y las unidades de renovaci\u00f3n;<\/li><li>una dedicada al instalador, desde la cual es posible modificar las consignas de impulsi\u00f3n de los circuitos, visualizar el estado de las fuentes y acceder a los diagn\u00f3sticos.<\/li><\/ul>\n\n\n\n<figure class=\"wp-block-gallery has-nested-images columns-default is-cropped\">\n<figure class=\"wp-block-image size-large\"><img loading=\"lazy\" width=\"480\" height=\"272\" data-id=\"2092\"  src=\"https:\/\/services.setecna.it\/wp-content\/uploads\/2022\/01\/ATAG_HOMEOFFFORZATO-1.png\" alt=\"\" class=\"wp-image-2092\" srcset=\"https:\/\/www.setecna.it\/wp-content\/uploads\/2022\/01\/ATAG_HOMEOFFFORZATO-1.png 480w, https:\/\/www.setecna.it\/wp-content\/uploads\/2022\/01\/ATAG_HOMEOFFFORZATO-1-300x170.png 300w, https:\/\/www.setecna.it\/wp-content\/uploads\/2022\/01\/ATAG_HOMEOFFFORZATO-1-450x255.png 450w\" sizes=\"(max-width: 480px) 100vw, 480px\" \/><\/figure>\n\n\n\n<figure class=\"wp-block-image size-large\"><img loading=\"lazy\" width=\"480\" height=\"272\" data-id=\"2094\"  src=\"https:\/\/services.setecna.it\/wp-content\/uploads\/2022\/01\/climatica_inverno.png\" alt=\"\" class=\"wp-image-2094\" srcset=\"https:\/\/www.setecna.it\/wp-content\/uploads\/2022\/01\/climatica_inverno.png 480w, https:\/\/www.setecna.it\/wp-content\/uploads\/2022\/01\/climatica_inverno-300x170.png 300w, https:\/\/www.setecna.it\/wp-content\/uploads\/2022\/01\/climatica_inverno-450x255.png 450w\" sizes=\"(max-width: 480px) 100vw, 480px\" \/><\/figure>\n\n\n\n<figure class=\"wp-block-image size-large\"><img loading=\"lazy\" width=\"480\" height=\"272\" data-id=\"2090\"  src=\"https:\/\/services.setecna.it\/wp-content\/uploads\/2022\/01\/1.02_DIAGNOSTICA.png\" alt=\"\" class=\"wp-image-2090\" srcset=\"https:\/\/www.setecna.it\/wp-content\/uploads\/2022\/01\/1.02_DIAGNOSTICA.png 480w, https:\/\/www.setecna.it\/wp-content\/uploads\/2022\/01\/1.02_DIAGNOSTICA-300x170.png 300w, https:\/\/www.setecna.it\/wp-content\/uploads\/2022\/01\/1.02_DIAGNOSTICA-450x255.png 450w\" sizes=\"(max-width: 480px) 100vw, 480px\" \/><\/figure>\n<\/figure>\n","protected":false},"excerpt":{"rendered":"<p>DOT es una plataforma completa, basada en un microprocesador ARM Cortex M4 y una pantalla TFT a color de 4,3\u2019\u2019, dise\u00f1ada para el control y supervisi\u00f3n de sistemas HVAC. En su versi\u00f3n m\u00e1s completa, el DOT integra: Un sensor de temperatura y humedad; Un sensor de calidad del aire; Un contacto de entrada anal\u00f3gico o&hellip; <br \/> <a class=\"read-more\" href=\"https:\/\/www.setecna.it\/es\/regulaciones-avanzados-dot\/\">Leer m\u00e1s<\/a><\/p>\n","protected":false},"author":1,"featured_media":0,"parent":0,"menu_order":0,"comment_status":"closed","ping_status":"closed","template":"","meta":[],"yoast_head":"<!-- This site is optimized with the Yoast SEO plugin v19.13 - https:\/\/yoast.com\/wordpress\/plugins\/seo\/ -->\n<title>REGULACIONES AVANZADOS DOT - SETECNA EPC<\/title>\n<meta name=\"description\" content=\"Setecna, specialisti in progettazione e nella produzione di sistemi elettronici di regolazione e telecontrollo di impianti di riscaldamento\" \/>\n<meta name=\"robots\" content=\"index, follow, max-snippet:-1, max-image-preview:large, max-video-preview:-1\" \/>\n<link rel=\"canonical\" href=\"https:\/\/www.setecna.it\/es\/regulaciones-avanzados-dot\/\" \/>\n<meta property=\"og:locale\" content=\"es_ES\" \/>\n<meta property=\"og:type\" content=\"article\" \/>\n<meta property=\"og:title\" content=\"REGULACIONES AVANZADOS DOT - SETECNA EPC\" \/>\n<meta property=\"og:description\" content=\"Setecna, specialisti in progettazione e nella produzione di sistemi elettronici di regolazione e telecontrollo di impianti di riscaldamento\" \/>\n<meta property=\"og:url\" content=\"https:\/\/www.setecna.it\/es\/regulaciones-avanzados-dot\/\" \/>\n<meta property=\"og:site_name\" content=\"SETECNA EPC\" \/>\n<meta property=\"article:modified_time\" content=\"2025-04-16T06:53:20+00:00\" \/>\n<meta property=\"og:image\" content=\"https:\/\/services.setecna.it\/wp-content\/uploads\/2021\/07\/REG-DOT-B-1-1024x1000.png\" \/>\n<meta name=\"twitter:card\" content=\"summary_large_image\" \/>\n<meta name=\"twitter:label1\" content=\"Tiempo de lectura\" \/>\n\t<meta name=\"twitter:data1\" content=\"6 minutos\" \/>\n<script type=\"application\/ld+json\" class=\"yoast-schema-graph\">{\"@context\":\"https:\/\/schema.org\",\"@graph\":[{\"@type\":\"WebPage\",\"@id\":\"https:\/\/www.setecna.it\/es\/regulaciones-avanzados-dot\/\",\"url\":\"https:\/\/www.setecna.it\/es\/regulaciones-avanzados-dot\/\",\"name\":\"REGULACIONES AVANZADOS DOT - SETECNA EPC\",\"isPartOf\":{\"@id\":\"https:\/\/www.setecna.it\/#website\"},\"datePublished\":\"2025-04-15T09:00:02+00:00\",\"dateModified\":\"2025-04-16T06:53:20+00:00\",\"description\":\"Setecna, specialisti in progettazione e nella produzione di sistemi elettronici di regolazione e telecontrollo di impianti di riscaldamento\",\"breadcrumb\":{\"@id\":\"https:\/\/www.setecna.it\/es\/regulaciones-avanzados-dot\/#breadcrumb\"},\"inLanguage\":\"es\",\"potentialAction\":[{\"@type\":\"ReadAction\",\"target\":[\"https:\/\/www.setecna.it\/es\/regulaciones-avanzados-dot\/\"]}]},{\"@type\":\"BreadcrumbList\",\"@id\":\"https:\/\/www.setecna.it\/es\/regulaciones-avanzados-dot\/#breadcrumb\",\"itemListElement\":[{\"@type\":\"ListItem\",\"position\":1,\"name\":\"Home\",\"item\":\"https:\/\/www.setecna.it\/es\/\"},{\"@type\":\"ListItem\",\"position\":2,\"name\":\"REGULACIONES AVANZADOS DOT\"}]},{\"@type\":\"WebSite\",\"@id\":\"https:\/\/www.setecna.it\/#website\",\"url\":\"https:\/\/www.setecna.it\/\",\"name\":\"SETECNA EPC\",\"description\":\"Il benessere inizia anche da qui\",\"publisher\":{\"@id\":\"https:\/\/www.setecna.it\/#organization\"},\"potentialAction\":[{\"@type\":\"SearchAction\",\"target\":{\"@type\":\"EntryPoint\",\"urlTemplate\":\"https:\/\/www.setecna.it\/?s={search_term_string}\"},\"query-input\":\"required name=search_term_string\"}],\"inLanguage\":\"es\"},{\"@type\":\"Organization\",\"@id\":\"https:\/\/www.setecna.it\/#organization\",\"name\":\"Setecna EPC srl\",\"url\":\"https:\/\/www.setecna.it\/\",\"logo\":{\"@type\":\"ImageObject\",\"inLanguage\":\"es\",\"@id\":\"https:\/\/www.setecna.it\/#\/schema\/logo\/image\/\",\"url\":\"https:\/\/www.setecna.it\/wp-content\/uploads\/2022\/06\/cropped-cropped-Risorsa-3.png\",\"contentUrl\":\"https:\/\/www.setecna.it\/wp-content\/uploads\/2022\/06\/cropped-cropped-Risorsa-3.png\",\"width\":1864,\"height\":186,\"caption\":\"Setecna EPC srl\"},\"image\":{\"@id\":\"https:\/\/www.setecna.it\/#\/schema\/logo\/image\/\"}}]}<\/script>\n<!-- \/ Yoast SEO plugin. -->","yoast_head_json":{"title":"REGULACIONES AVANZADOS DOT - SETECNA EPC","description":"Setecna, specialisti in progettazione e nella produzione di sistemi elettronici di regolazione e telecontrollo di impianti di riscaldamento","robots":{"index":"index","follow":"follow","max-snippet":"max-snippet:-1","max-image-preview":"max-image-preview:large","max-video-preview":"max-video-preview:-1"},"canonical":"https:\/\/www.setecna.it\/es\/regulaciones-avanzados-dot\/","og_locale":"es_ES","og_type":"article","og_title":"REGULACIONES AVANZADOS DOT - SETECNA EPC","og_description":"Setecna, specialisti in progettazione e nella produzione di sistemi elettronici di regolazione e telecontrollo di impianti di riscaldamento","og_url":"https:\/\/www.setecna.it\/es\/regulaciones-avanzados-dot\/","og_site_name":"SETECNA EPC","article_modified_time":"2025-04-16T06:53:20+00:00","og_image":[{"url":"https:\/\/services.setecna.it\/wp-content\/uploads\/2021\/07\/REG-DOT-B-1-1024x1000.png"}],"twitter_card":"summary_large_image","twitter_misc":{"Tiempo de lectura":"6 minutos"},"schema":{"@context":"https:\/\/schema.org","@graph":[{"@type":"WebPage","@id":"https:\/\/www.setecna.it\/es\/regulaciones-avanzados-dot\/","url":"https:\/\/www.setecna.it\/es\/regulaciones-avanzados-dot\/","name":"REGULACIONES AVANZADOS DOT - SETECNA EPC","isPartOf":{"@id":"https:\/\/www.setecna.it\/#website"},"datePublished":"2025-04-15T09:00:02+00:00","dateModified":"2025-04-16T06:53:20+00:00","description":"Setecna, specialisti in progettazione e nella produzione di sistemi elettronici di regolazione e telecontrollo di impianti di riscaldamento","breadcrumb":{"@id":"https:\/\/www.setecna.it\/es\/regulaciones-avanzados-dot\/#breadcrumb"},"inLanguage":"es","potentialAction":[{"@type":"ReadAction","target":["https:\/\/www.setecna.it\/es\/regulaciones-avanzados-dot\/"]}]},{"@type":"BreadcrumbList","@id":"https:\/\/www.setecna.it\/es\/regulaciones-avanzados-dot\/#breadcrumb","itemListElement":[{"@type":"ListItem","position":1,"name":"Home","item":"https:\/\/www.setecna.it\/es\/"},{"@type":"ListItem","position":2,"name":"REGULACIONES AVANZADOS DOT"}]},{"@type":"WebSite","@id":"https:\/\/www.setecna.it\/#website","url":"https:\/\/www.setecna.it\/","name":"SETECNA EPC","description":"Il benessere inizia anche da qui","publisher":{"@id":"https:\/\/www.setecna.it\/#organization"},"potentialAction":[{"@type":"SearchAction","target":{"@type":"EntryPoint","urlTemplate":"https:\/\/www.setecna.it\/?s={search_term_string}"},"query-input":"required name=search_term_string"}],"inLanguage":"es"},{"@type":"Organization","@id":"https:\/\/www.setecna.it\/#organization","name":"Setecna EPC srl","url":"https:\/\/www.setecna.it\/","logo":{"@type":"ImageObject","inLanguage":"es","@id":"https:\/\/www.setecna.it\/#\/schema\/logo\/image\/","url":"https:\/\/www.setecna.it\/wp-content\/uploads\/2022\/06\/cropped-cropped-Risorsa-3.png","contentUrl":"https:\/\/www.setecna.it\/wp-content\/uploads\/2022\/06\/cropped-cropped-Risorsa-3.png","width":1864,"height":186,"caption":"Setecna EPC srl"},"image":{"@id":"https:\/\/www.setecna.it\/#\/schema\/logo\/image\/"}}]}},"_links":{"self":[{"href":"https:\/\/www.setecna.it\/es\/wp-json\/wp\/v2\/pages\/3842"}],"collection":[{"href":"https:\/\/www.setecna.it\/es\/wp-json\/wp\/v2\/pages"}],"about":[{"href":"https:\/\/www.setecna.it\/es\/wp-json\/wp\/v2\/types\/page"}],"author":[{"embeddable":true,"href":"https:\/\/www.setecna.it\/es\/wp-json\/wp\/v2\/users\/1"}],"replies":[{"embeddable":true,"href":"https:\/\/www.setecna.it\/es\/wp-json\/wp\/v2\/comments?post=3842"}],"version-history":[{"count":4,"href":"https:\/\/www.setecna.it\/es\/wp-json\/wp\/v2\/pages\/3842\/revisions"}],"predecessor-version":[{"id":3921,"href":"https:\/\/www.setecna.it\/es\/wp-json\/wp\/v2\/pages\/3842\/revisions\/3921"}],"wp:attachment":[{"href":"https:\/\/www.setecna.it\/es\/wp-json\/wp\/v2\/media?parent=3842"}],"curies":[{"name":"wp","href":"https:\/\/api.w.org\/{rel}","templated":true}]}}